{"id":21202,"date":"2015-11-25T15:12:47","date_gmt":"2015-11-25T14:12:47","guid":{"rendered":"https:\/\/bpprzasnysz.pl\/podarowali-nam\/"},"modified":"2022-02-18T10:36:46","modified_gmt":"2022-02-18T09:36:46","slug":"podarowali-nam","status":"publish","type":"page","link":"https:\/\/bpprzasnysz.pl\/en\/podarowali-nam\/","title":{"rendered":"Biuletyn nabytk\u00f3w"},"content":{"rendered":"<table class=\"table table-striped\" style=\"color: var(--ast-global-color-3); font-size: 1rem; font-weight: inherit;\">\n<thead>\n<tr>\n<th>Instytucje<\/th>\n<th><\/th>\n<th>Osoby prywatne<\/th>\n<\/tr>\n<\/thead>\n<tbody>\n<tr>\n<td><a href=\"http:\/\/www.ore.edu.pl\/\" target=\"_blank\" rel=\"noopener noreferrer\">O\u015brodek Rozwoju Edukacji<\/a><\/td>\n<td><img loading=\"lazy\" decoding=\"async\" class=\"alignleft size-full wp-image-1688\" src=\"http:\/\/www.bpwyszkow.pl\/wp-content\/uploads\/2015\/11\/01.png\" alt=\"\" width=\"105\" height=\"50\" srcset=\"https:\/\/bpprzasnysz.pl\/wp-content\/uploads\/sites\/56\/2015\/11\/01.png 105w, https:\/\/bpprzasnysz.pl\/wp-content\/uploads\/sites\/56\/2015\/11\/01-24x11.png 24w, https:\/\/bpprzasnysz.pl\/wp-content\/uploads\/sites\/56\/2015\/11\/01-36x17.png 36w, https:\/\/bpprzasnysz.pl\/wp-content\/uploads\/sites\/56\/2015\/11\/01-48x23.png 48w\" sizes=\"auto, (max-width: 105px) 100vw, 105px\" \/><\/td>\n<td>Jerzy Kijowski<\/td>\n<\/tr>\n<tr>\n<td><a href=\"http:\/\/otn.org.pl\/\" target=\"_blank\" rel=\"noopener noreferrer\">Ostro\u0142\u0119ckie Towarzystwo Naukowe im. Adama Ch\u0119tnika<\/a><\/td>\n<td><\/td>\n<td>Wies\u0142aw Janusz Mikulski<\/td>\n<\/tr>\n<tr>\n<td><a href=\"http:\/\/www.zwiazekkurpiow.pl\/\" target=\"_blank\" rel=\"noopener noreferrer\">Zwi\u0105zek Kurpi\u00f3w<\/a><\/td>\n<td><\/td>\n<td>Karol Samsel<\/td>\n<\/tr>\n<tr>\n<td><a href=\"http:\/\/www.tpo.ostroleka.pl\/\" target=\"_blank\" rel=\"noopener noreferrer\">Towarzystwo Przyjaci\u00f3\u0142 Ostro\u0142\u0119ki<\/a><\/td>\n<td><\/td>\n<td>Stanis\u0142aw Ka\u0142ucki<\/td>\n<\/tr>\n<tr>\n<td><a href=\"http:\/\/www.ceo.org.pl\/\" target=\"_blank\" rel=\"noopener noreferrer\">Centrum Edukacji Obywatelskiej<\/a><\/td>\n<td><img loading=\"lazy\" decoding=\"async\" class=\"alignleft size-full wp-image-1689\" src=\"http:\/\/www.bpwyszkow.pl\/wp-content\/uploads\/2015\/11\/02.png\" alt=\"\" width=\"88\" height=\"43\" srcset=\"https:\/\/bpprzasnysz.pl\/wp-content\/uploads\/sites\/56\/2015\/11\/02.png 88w, https:\/\/bpprzasnysz.pl\/wp-content\/uploads\/sites\/56\/2015\/11\/02-24x12.png 24w, https:\/\/bpprzasnysz.pl\/wp-content\/uploads\/sites\/56\/2015\/11\/02-36x18.png 36w, https:\/\/bpprzasnysz.pl\/wp-content\/uploads\/sites\/56\/2015\/11\/02-48x23.png 48w\" sizes=\"auto, (max-width: 88px) 100vw, 88px\" \/><\/td>\n<td>Daniela Laskowska<\/td>\n<\/tr>\n<tr>\n<td><a href=\"http:\/\/www.men.gov.pl\/\" target=\"_blank\" rel=\"noopener noreferrer\">Ministerstwo Edukacji Narodowej<\/a><\/td>\n<td><img loading=\"lazy\" decoding=\"async\" class=\"alignleft size-full wp-image-1690\" src=\"http:\/\/www.bpwyszkow.pl\/wp-content\/uploads\/2015\/11\/03.jpg\" alt=\"\" width=\"145\" height=\"60\" srcset=\"https:\/\/bpprzasnysz.pl\/wp-content\/uploads\/sites\/56\/2015\/11\/03.jpg 145w, https:\/\/bpprzasnysz.pl\/wp-content\/uploads\/sites\/56\/2015\/11\/03-24x10.jpg 24w, https:\/\/bpprzasnysz.pl\/wp-content\/uploads\/sites\/56\/2015\/11\/03-36x15.jpg 36w, https:\/\/bpprzasnysz.pl\/wp-content\/uploads\/sites\/56\/2015\/11\/03-48x20.jpg 48w\" sizes=\"auto, (max-width: 145px) 100vw, 145px\" \/><\/td>\n<td>Andrzej Gumkowski<\/td>\n<\/tr>\n<tr>\n<td><a href=\"http:\/\/www.zielonasowa.pl\/\" target=\"_blank\" rel=\"noopener noreferrer\">Wydawnictwo Zielona Sowa<\/a><\/td>\n<td><img loading=\"lazy\" decoding=\"async\" class=\"alignleft size-full wp-image-1694\" src=\"http:\/\/www.bpwyszkow.pl\/wp-content\/uploads\/2015\/11\/07.png\" alt=\"\" width=\"88\" height=\"34\" srcset=\"https:\/\/bpprzasnysz.pl\/wp-content\/uploads\/sites\/56\/2015\/11\/07.png 88w, https:\/\/bpprzasnysz.pl\/wp-content\/uploads\/sites\/56\/2015\/11\/07-24x9.png 24w, https:\/\/bpprzasnysz.pl\/wp-content\/uploads\/sites\/56\/2015\/11\/07-36x14.png 36w, https:\/\/bpprzasnysz.pl\/wp-content\/uploads\/sites\/56\/2015\/11\/07-48x19.png 48w\" sizes=\"auto, (max-width: 88px) 100vw, 88px\" \/><\/td>\n<td>Stanis\u0142aw Pajka<\/td>\n<\/tr>\n<tr>\n<td><a href=\"http:\/\/www.ipn.gov.pl\/\" target=\"_blank\" rel=\"noopener noreferrer\">Instytut Pami\u0119ci Narodowej<\/a><\/td>\n<td><img loading=\"lazy\" decoding=\"async\" class=\"alignleft size-full wp-image-1692\" src=\"http:\/\/www.bpwyszkow.pl\/wp-content\/uploads\/2015\/11\/05.jpg\" alt=\"\" width=\"60\" height=\"59\" srcset=\"https:\/\/bpprzasnysz.pl\/wp-content\/uploads\/sites\/56\/2015\/11\/05.jpg 60w, https:\/\/bpprzasnysz.pl\/wp-content\/uploads\/sites\/56\/2015\/11\/05-24x24.jpg 24w, https:\/\/bpprzasnysz.pl\/wp-content\/uploads\/sites\/56\/2015\/11\/05-36x36.jpg 36w, https:\/\/bpprzasnysz.pl\/wp-content\/uploads\/sites\/56\/2015\/11\/05-48x48.jpg 48w\" sizes=\"auto, (max-width: 60px) 100vw, 60px\" \/><\/td>\n<td>Tomasz Bednarski<\/td>\n<\/tr>\n<tr>\n<td><a href=\"http:\/\/www.wsptwp.eu\/\" target=\"_blank\" rel=\"noopener noreferrer\">Wy\u017csza Szko\u0142a Pedagogiczna w Warszawie<\/a><\/td>\n<td><img loading=\"lazy\" decoding=\"async\" class=\"alignleft size-full wp-image-1693\" src=\"http:\/\/www.bpwyszkow.pl\/wp-content\/uploads\/2015\/11\/06.png\" alt=\"\" width=\"169\" height=\"60\" srcset=\"https:\/\/bpprzasnysz.pl\/wp-content\/uploads\/sites\/56\/2015\/11\/06.png 169w, https:\/\/bpprzasnysz.pl\/wp-content\/uploads\/sites\/56\/2015\/11\/06-24x9.png 24w, https:\/\/bpprzasnysz.pl\/wp-content\/uploads\/sites\/56\/2015\/11\/06-36x13.png 36w, https:\/\/bpprzasnysz.pl\/wp-content\/uploads\/sites\/56\/2015\/11\/06-48x17.png 48w\" sizes=\"auto, (max-width: 169px) 100vw, 169px\" \/><\/td>\n<td>Ewa Szymczyk<\/td>\n<\/tr>\n<tr>\n<td><a href=\"http:\/\/www.wuj.pl\/\" target=\"_blank\" rel=\"noopener noreferrer\">Wydawnictwo Uniwersytetu Jagiello\u0144skiego<\/a><\/td>\n<td><img loading=\"lazy\" decoding=\"async\" class=\"alignleft size-full wp-image-1691\" src=\"http:\/\/www.bpwyszkow.pl\/wp-content\/uploads\/2015\/11\/04.jpg\" alt=\"\" width=\"168\" height=\"43\" srcset=\"https:\/\/bpprzasnysz.pl\/wp-content\/uploads\/sites\/56\/2015\/11\/04.jpg 168w, https:\/\/bpprzasnysz.pl\/wp-content\/uploads\/sites\/56\/2015\/11\/04-24x6.jpg 24w, https:\/\/bpprzasnysz.pl\/wp-content\/uploads\/sites\/56\/2015\/11\/04-36x9.jpg 36w, https:\/\/bpprzasnysz.pl\/wp-content\/uploads\/sites\/56\/2015\/11\/04-48x12.jpg 48w\" sizes=\"auto, (max-width: 168px) 100vw, 168px\" \/><\/td>\n<td>El\u017cbieta \u017bebrowska<\/td>\n<\/tr>\n<tr>\n<td><a href=\"http:\/\/www.orlendarserca.pl\/%E2%80%8E\" target=\"_blank\" rel=\"noopener noreferrer\">Fundacja Orlen \u2013 Dar Serca<\/a><\/td>\n<td><img loading=\"lazy\" decoding=\"async\" class=\"alignleft size-full wp-image-1695\" src=\"http:\/\/www.bpwyszkow.pl\/wp-content\/uploads\/2015\/11\/08.png\" alt=\"\" width=\"230\" height=\"50\" srcset=\"https:\/\/bpprzasnysz.pl\/wp-content\/uploads\/sites\/56\/2015\/11\/08.png 230w, https:\/\/bpprzasnysz.pl\/wp-content\/uploads\/sites\/56\/2015\/11\/08-24x5.png 24w, https:\/\/bpprzasnysz.pl\/wp-content\/uploads\/sites\/56\/2015\/11\/08-36x8.png 36w, https:\/\/bpprzasnysz.pl\/wp-content\/uploads\/sites\/56\/2015\/11\/08-48x10.png 48w\" sizes=\"auto, (max-width: 230px) 100vw, 230px\" \/><\/td>\n<td>Renata Kreczman-Madej<\/td>\n<\/tr>\n<tr>\n<td><a href=\"https:\/\/www.ipiss.com.pl\/\" target=\"_blank\" rel=\"noopener noreferrer\">Instytut Pracy i Spraw Socjalnych<\/a><\/td>\n<td><img loading=\"lazy\" decoding=\"async\" class=\"alignleft size-full wp-image-1696\" src=\"http:\/\/www.bpwyszkow.pl\/wp-content\/uploads\/2015\/11\/09.png\" alt=\"\" width=\"105\" height=\"37\" srcset=\"https:\/\/bpprzasnysz.pl\/wp-content\/uploads\/sites\/56\/2015\/11\/09.png 105w, https:\/\/bpprzasnysz.pl\/wp-content\/uploads\/sites\/56\/2015\/11\/09-24x8.png 24w, https:\/\/bpprzasnysz.pl\/wp-content\/uploads\/sites\/56\/2015\/11\/09-36x13.png 36w, https:\/\/bpprzasnysz.pl\/wp-content\/uploads\/sites\/56\/2015\/11\/09-48x17.png 48w\" sizes=\"auto, (max-width: 105px) 100vw, 105px\" \/><\/td>\n<td>Mateusz Tomasik<\/td>\n<\/tr>\n<tr>\n<td><a href=\"http:\/\/www.fundacja.afryka.org\/\" target=\"_blank\" rel=\"noopener noreferrer\">Fundacja Afryka Inaczej<\/a><\/td>\n<td><img loading=\"lazy\" decoding=\"async\" class=\"alignleft size-full wp-image-1697\" src=\"http:\/\/www.bpwyszkow.pl\/wp-content\/uploads\/2015\/11\/10.png\" alt=\"\" width=\"98\" height=\"60\" srcset=\"https:\/\/bpprzasnysz.pl\/wp-content\/uploads\/sites\/56\/2015\/11\/10.png 98w, https:\/\/bpprzasnysz.pl\/wp-content\/uploads\/sites\/56\/2015\/11\/10-24x15.png 24w, https:\/\/bpprzasnysz.pl\/wp-content\/uploads\/sites\/56\/2015\/11\/10-36x22.png 36w, https:\/\/bpprzasnysz.pl\/wp-content\/uploads\/sites\/56\/2015\/11\/10-48x29.png 48w\" sizes=\"auto, (max-width: 98px) 100vw, 98px\" \/><\/td>\n<td>Teresa Chojnowska<\/td>\n<\/tr>\n<tr>\n<td><a href=\"http:\/\/www.pwsz.com.pl\/?gclid=CN7535La9LcCFVMetAodryQAeA\" target=\"_blank\" rel=\"noopener noreferrer\">Pa\u0144stwowa Wy\u017csza Szko\u0142a Zawodowa w Kaliszu<\/a><\/td>\n<td><\/td>\n<td>Czes\u0142awa Lewandowska<\/td>\n<\/tr>\n<tr>\n<td><a href=\"http:\/\/www.imgw.pl\/\" target=\"_blank\" rel=\"noopener noreferrer\">Instytut Meteorologii i Gospodarki Wodnej<\/a><\/td>\n<td><\/td>\n<td>Eugeniusz Na\u0142\u0119cz<\/td>\n<\/tr>\n<tr>\n<td><a href=\"http:\/\/sklep.infor.pl\/\" target=\"_blank\" rel=\"noopener noreferrer\">Infor Ekspert<\/a><\/td>\n<td><img loading=\"lazy\" decoding=\"async\" class=\"alignleft size-full wp-image-1698\" src=\"http:\/\/www.bpwyszkow.pl\/wp-content\/uploads\/2015\/11\/11.png\" alt=\"\" width=\"105\" height=\"35\" srcset=\"https:\/\/bpprzasnysz.pl\/wp-content\/uploads\/sites\/56\/2015\/11\/11.png 105w, https:\/\/bpprzasnysz.pl\/wp-content\/uploads\/sites\/56\/2015\/11\/11-24x8.png 24w, https:\/\/bpprzasnysz.pl\/wp-content\/uploads\/sites\/56\/2015\/11\/11-36x12.png 36w, https:\/\/bpprzasnysz.pl\/wp-content\/uploads\/sites\/56\/2015\/11\/11-48x16.png 48w\" sizes=\"auto, (max-width: 105px) 100vw, 105px\" \/><\/td>\n<td>Sylwia Jaworska<\/td>\n<\/tr>\n<tr>\n<td><a href=\"http:\/\/www.wdrodze.pl\/index.php\" target=\"_blank\" rel=\"noopener noreferrer\">Wydawnictwo W drodze<\/a><\/td>\n<td><img loading=\"lazy\" decoding=\"async\" class=\"alignleft size-full wp-image-1721\" src=\"http:\/\/www.bpwyszkow.pl\/wp-content\/uploads\/2015\/11\/wdrodze.png\" alt=\"\" width=\"168\" height=\"56\" srcset=\"https:\/\/bpprzasnysz.pl\/wp-content\/uploads\/sites\/56\/2015\/11\/wdrodze.png 168w, https:\/\/bpprzasnysz.pl\/wp-content\/uploads\/sites\/56\/2015\/11\/wdrodze-24x8.png 24w, https:\/\/bpprzasnysz.pl\/wp-content\/uploads\/sites\/56\/2015\/11\/wdrodze-36x12.png 36w, https:\/\/bpprzasnysz.pl\/wp-content\/uploads\/sites\/56\/2015\/11\/wdrodze-48x16.png 48w\" sizes=\"auto, (max-width: 168px) 100vw, 168px\" \/><\/td>\n<td>A. Stepnowska<\/td>\n<\/tr>\n<tr>\n<td>Przedszkole Miejskie nr 14 w Ostro\u0142\u0119ce<\/td>\n<td><\/td>\n<td>Mariusz Sadowski<\/td>\n<\/tr>\n<tr>\n<td><a href=\"http:\/\/www.press.amu.edu.pl\/pl\/o-nas.html\" target=\"_blank\" rel=\"noopener noreferrer\">Wydawnictwo Naukowe Uniwersytetu <\/a><\/p>\n<p><a href=\"http:\/\/www.press.amu.edu.pl\/pl\/o-nas.html\" target=\"_blank\" rel=\"noopener noreferrer\">im. Adam Mickiewicza w Poznaniu <\/a><\/td>\n<td><img loading=\"lazy\" decoding=\"async\" class=\"alignleft size-full wp-image-1720\" src=\"http:\/\/www.bpwyszkow.pl\/wp-content\/uploads\/2015\/11\/uniwersytet.png\" alt=\"\" width=\"160\" height=\"41\" srcset=\"https:\/\/bpprzasnysz.pl\/wp-content\/uploads\/sites\/56\/2015\/11\/uniwersytet.png 160w, https:\/\/bpprzasnysz.pl\/wp-content\/uploads\/sites\/56\/2015\/11\/uniwersytet-24x6.png 24w, https:\/\/bpprzasnysz.pl\/wp-content\/uploads\/sites\/56\/2015\/11\/uniwersytet-36x9.png 36w, https:\/\/bpprzasnysz.pl\/wp-content\/uploads\/sites\/56\/2015\/11\/uniwersytet-48x12.png 48w\" sizes=\"auto, (max-width: 160px) 100vw, 160px\" \/><\/td>\n<td>Barbara Nalewajk<\/td>\n<\/tr>\n<tr>\n<td><a href=\"http:\/\/new.koweziu.edu.pl\/index.php\" target=\"_blank\" rel=\"noopener noreferrer\">Krajowy O\u015brodek Wspierania Edukacji Zawodowej i Ustawicznej<\/a><\/td>\n<td><img loading=\"lazy\" decoding=\"async\" class=\"alignleft size-full wp-image-1716\" src=\"http:\/\/www.bpwyszkow.pl\/wp-content\/uploads\/2015\/11\/koweziu.png\" alt=\"\" width=\"160\" height=\"84\" srcset=\"https:\/\/bpprzasnysz.pl\/wp-content\/uploads\/sites\/56\/2015\/11\/koweziu.png 160w, https:\/\/bpprzasnysz.pl\/wp-content\/uploads\/sites\/56\/2015\/11\/koweziu-24x13.png 24w, https:\/\/bpprzasnysz.pl\/wp-content\/uploads\/sites\/56\/2015\/11\/koweziu-36x19.png 36w, https:\/\/bpprzasnysz.pl\/wp-content\/uploads\/sites\/56\/2015\/11\/koweziu-48x25.png 48w\" sizes=\"auto, (max-width: 160px) 100vw, 160px\" \/><\/td>\n<td>Urszula Majewska<\/td>\n<\/tr>\n<tr>\n<td><a href=\"http:\/\/publicat.pl\/publicat.html\" target=\"_blank\" rel=\"noopener noreferrer\">Wydawnictwo Publicat<\/a><\/td>\n<td><img loading=\"lazy\" decoding=\"async\" class=\"alignleft size-full wp-image-1717\" src=\"http:\/\/www.bpwyszkow.pl\/wp-content\/uploads\/2015\/11\/publicat.png\" alt=\"\" width=\"160\" height=\"52\" srcset=\"https:\/\/bpprzasnysz.pl\/wp-content\/uploads\/sites\/56\/2015\/11\/publicat.png 160w, https:\/\/bpprzasnysz.pl\/wp-content\/uploads\/sites\/56\/2015\/11\/publicat-24x8.png 24w, https:\/\/bpprzasnysz.pl\/wp-content\/uploads\/sites\/56\/2015\/11\/publicat-36x12.png 36w, https:\/\/bpprzasnysz.pl\/wp-content\/uploads\/sites\/56\/2015\/11\/publicat-48x16.png 48w\" sizes=\"auto, (max-width: 160px) 100vw, 160px\" \/><\/td>\n<td>Katarzyna Mi\u015b<\/td>\n<\/tr>\n<tr>\n<td><a href=\"http:\/\/www.wydawnictwosggw.pl\/\" target=\"_blank\" rel=\"noopener noreferrer\">Wydawnictwo SGGW<\/a><\/p>\n<p>(Szko\u0142a G\u0142\u00f3wna Gospodarstwa Wiejskiego)<\/td>\n<td><img loading=\"lazy\" decoding=\"async\" class=\"alignleft size-full wp-image-1718\" src=\"http:\/\/www.bpwyszkow.pl\/wp-content\/uploads\/2015\/11\/sggw.png\" alt=\"\" width=\"200\" height=\"36\" srcset=\"https:\/\/bpprzasnysz.pl\/wp-content\/uploads\/sites\/56\/2015\/11\/sggw.png 200w, https:\/\/bpprzasnysz.pl\/wp-content\/uploads\/sites\/56\/2015\/11\/sggw-24x4.png 24w, https:\/\/bpprzasnysz.pl\/wp-content\/uploads\/sites\/56\/2015\/11\/sggw-36x6.png 36w, https:\/\/bpprzasnysz.pl\/wp-content\/uploads\/sites\/56\/2015\/11\/sggw-48x9.png 48w\" sizes=\"auto, (max-width: 200px) 100vw, 200px\" \/><\/td>\n<td>Andrzej S\u0119k<\/td>\n<\/tr>\n<tr>\n<td><a href=\"http:\/\/digooarti.nazwa.pl\/ekoprussia\/\" target=\"_blank\" rel=\"noopener noreferrer\">Stowarzyszenie &#8220;Instytut Ekoprussia&#8221;<\/a><\/td>\n<td><img loading=\"lazy\" decoding=\"async\" class=\"alignleft size-full wp-image-1719\" src=\"http:\/\/www.bpwyszkow.pl\/wp-content\/uploads\/2015\/11\/stow.png\" alt=\"\" width=\"159\" height=\"60\" srcset=\"https:\/\/bpprzasnysz.pl\/wp-content\/uploads\/sites\/56\/2015\/11\/stow.png 159w, https:\/\/bpprzasnysz.pl\/wp-content\/uploads\/sites\/56\/2015\/11\/stow-24x9.png 24w, https:\/\/bpprzasnysz.pl\/wp-content\/uploads\/sites\/56\/2015\/11\/stow-36x14.png 36w, https:\/\/bpprzasnysz.pl\/wp-content\/uploads\/sites\/56\/2015\/11\/stow-48x18.png 48w\" sizes=\"auto, (max-width: 159px) 100vw, 159px\" \/><\/td>\n<td>Zenon Kowalczyk<\/td>\n<\/tr>\n<tr>\n<td><a href=\"http:\/\/stowarzyszeniepromni.pl\/\" target=\"_blank\" rel=\"noopener noreferrer\">Stowarzyszenie Promini<\/a><\/td>\n<td><img loading=\"lazy\" decoding=\"async\" class=\"alignleft size-full wp-image-1699\" src=\"http:\/\/www.bpwyszkow.pl\/wp-content\/uploads\/2015\/11\/12.png\" alt=\"\" width=\"64\" height=\"60\" srcset=\"https:\/\/bpprzasnysz.pl\/wp-content\/uploads\/sites\/56\/2015\/11\/12.png 64w, https:\/\/bpprzasnysz.pl\/wp-content\/uploads\/sites\/56\/2015\/11\/12-24x24.png 24w, https:\/\/bpprzasnysz.pl\/wp-content\/uploads\/sites\/56\/2015\/11\/12-36x34.png 36w, https:\/\/bpprzasnysz.pl\/wp-content\/uploads\/sites\/56\/2015\/11\/12-48x45.png 48w\" sizes=\"auto, (max-width: 64px) 100vw, 64px\" \/><\/td>\n<td>Majk Aleksandra Maria<\/td>\n<\/tr>\n<tr>\n<td><a href=\"http:\/\/www.kaweczynska.pl\/\" target=\"_blank\" rel=\"noopener noreferrer\">Wy\u017csza Szko\u0142a Mened\u017cerska<\/a><\/td>\n<td><img loading=\"lazy\" decoding=\"async\" class=\"alignleft size-full wp-image-1700\" src=\"http:\/\/www.bpwyszkow.pl\/wp-content\/uploads\/2015\/11\/13.png\" alt=\"\" width=\"77\" height=\"60\" srcset=\"https:\/\/bpprzasnysz.pl\/wp-content\/uploads\/sites\/56\/2015\/11\/13.png 77w, https:\/\/bpprzasnysz.pl\/wp-content\/uploads\/sites\/56\/2015\/11\/13-24x19.png 24w, https:\/\/bpprzasnysz.pl\/wp-content\/uploads\/sites\/56\/2015\/11\/13-36x28.png 36w, https:\/\/bpprzasnysz.pl\/wp-content\/uploads\/sites\/56\/2015\/11\/13-48x37.png 48w\" sizes=\"auto, (max-width: 77px) 100vw, 77px\" \/><\/td>\n<td>Nowak Anna<\/td>\n<\/tr>\n<tr>\n<td><a href=\"http:\/\/www.bpsiedlce.pl\/\" target=\"_blank\" rel=\"noopener noreferrer\">Biblioteka Pedagogiczna w Siedlcach<\/a><\/td>\n<td><img loading=\"lazy\" decoding=\"async\" class=\"alignleft size-full wp-image-1701\" src=\"http:\/\/www.bpwyszkow.pl\/wp-content\/uploads\/2015\/11\/14.jpg\" alt=\"\" width=\"55\" height=\"60\" srcset=\"https:\/\/bpprzasnysz.pl\/wp-content\/uploads\/sites\/56\/2015\/11\/14.jpg 55w, https:\/\/bpprzasnysz.pl\/wp-content\/uploads\/sites\/56\/2015\/11\/14-22x24.jpg 22w, https:\/\/bpprzasnysz.pl\/wp-content\/uploads\/sites\/56\/2015\/11\/14-33x36.jpg 33w, https:\/\/bpprzasnysz.pl\/wp-content\/uploads\/sites\/56\/2015\/11\/14-44x48.jpg 44w\" sizes=\"auto, (max-width: 55px) 100vw, 55px\" \/><\/td>\n<td>Wojsz Jolanta<\/td>\n<\/tr>\n<tr>\n<td><a href=\"http:\/\/www.kta.szczecin.pl\/\" target=\"_blank\" rel=\"noopener noreferrer\">Krajowe Towarzystwo Autyzmu O\/Szczecin<\/a><\/td>\n<td><img loading=\"lazy\" decoding=\"async\" class=\"alignleft size-full wp-image-1702\" src=\"http:\/\/www.bpwyszkow.pl\/wp-content\/uploads\/2015\/11\/15.png\" alt=\"\" width=\"48\" height=\"60\" srcset=\"https:\/\/bpprzasnysz.pl\/wp-content\/uploads\/sites\/56\/2015\/11\/15.png 48w, https:\/\/bpprzasnysz.pl\/wp-content\/uploads\/sites\/56\/2015\/11\/15-19x24.png 19w, https:\/\/bpprzasnysz.pl\/wp-content\/uploads\/sites\/56\/2015\/11\/15-29x36.png 29w, https:\/\/bpprzasnysz.pl\/wp-content\/uploads\/sites\/56\/2015\/11\/15-38x48.png 38w\" sizes=\"auto, (max-width: 48px) 100vw, 48px\" \/><\/td>\n<td>Choroszewska Joanna<\/td>\n<\/tr>\n<tr>\n<td><a href=\"http:\/\/familijny.pl\/poznan\/aktualnosci\" target=\"_blank\" rel=\"noopener noreferrer\">Fundacja Familijny Pozna\u0144 <\/a><\/td>\n<td><img loading=\"lazy\" decoding=\"async\" class=\"alignleft size-full wp-image-1704\" src=\"http:\/\/www.bpwyszkow.pl\/wp-content\/uploads\/2015\/11\/familijny.jpg\" alt=\"\" width=\"223\" height=\"97\" srcset=\"https:\/\/bpprzasnysz.pl\/wp-content\/uploads\/sites\/56\/2015\/11\/familijny.jpg 223w, https:\/\/bpprzasnysz.pl\/wp-content\/uploads\/sites\/56\/2015\/11\/familijny-24x10.jpg 24w, https:\/\/bpprzasnysz.pl\/wp-content\/uploads\/sites\/56\/2015\/11\/familijny-36x16.jpg 36w, https:\/\/bpprzasnysz.pl\/wp-content\/uploads\/sites\/56\/2015\/11\/familijny-48x21.jpg 48w\" sizes=\"auto, (max-width: 223px) 100vw, 223px\" \/><\/td>\n<td>Ciepierska Teresa<\/td>\n<\/tr>\n<tr>\n<td>&nbsp;<a href=\"http:\/\/www.frse.org.pl\/\" target=\"_blank\" rel=\"noopener noreferrer\">Fundacja Rozwoju Systemu Edukacji<\/a><\/td>\n<td><img loading=\"lazy\" decoding=\"async\" class=\"alignleft size-full wp-image-1705\" src=\"http:\/\/www.bpwyszkow.pl\/wp-content\/uploads\/2015\/11\/image001.jpg\" alt=\"\" width=\"230\" height=\"86\" srcset=\"https:\/\/bpprzasnysz.pl\/wp-content\/uploads\/sites\/56\/2015\/11\/image001.jpg 230w, https:\/\/bpprzasnysz.pl\/wp-content\/uploads\/sites\/56\/2015\/11\/image001-24x9.jpg 24w, https:\/\/bpprzasnysz.pl\/wp-content\/uploads\/sites\/56\/2015\/11\/image001-36x13.jpg 36w, https:\/\/bpprzasnysz.pl\/wp-content\/uploads\/sites\/56\/2015\/11\/image001-48x18.jpg 48w\" sizes=\"auto, (max-width: 230px) 100vw, 230px\" \/><\/td>\n<td>Gwiazda Joanna Justyna<\/td>\n<\/tr>\n<tr>\n<td><a href=\"http:\/\/www.szansadlaniewidomych.org\/\" target=\"_blank\" rel=\"noopener noreferrer\">Fundacja Szansa dla Niewidomych<\/a><\/td>\n<td><img loading=\"lazy\" decoding=\"async\" class=\"alignleft size-full wp-image-1706\" src=\"http:\/\/www.bpwyszkow.pl\/wp-content\/uploads\/2015\/11\/image002.jpg\" alt=\"\" width=\"230\" height=\"67\" srcset=\"https:\/\/bpprzasnysz.pl\/wp-content\/uploads\/sites\/56\/2015\/11\/image002.jpg 230w, https:\/\/bpprzasnysz.pl\/wp-content\/uploads\/sites\/56\/2015\/11\/image002-24x7.jpg 24w, https:\/\/bpprzasnysz.pl\/wp-content\/uploads\/sites\/56\/2015\/11\/image002-36x10.jpg 36w, https:\/\/bpprzasnysz.pl\/wp-content\/uploads\/sites\/56\/2015\/11\/image002-48x14.jpg 48w\" sizes=\"auto, (max-width: 230px) 100vw, 230px\" \/><\/td>\n<td>Kaliszewska Magdalena R\u00f3\u017ca<\/td>\n<\/tr>\n<tr>\n<td><a href=\"http:\/\/www.ibe.edu.pl\/pl\/\" target=\"_blank\" rel=\"noopener noreferrer\">&nbsp;Instytut Bada\u0144 Edukacyjnych<\/a><\/td>\n<td><img loading=\"lazy\" decoding=\"async\" class=\"alignleft size-full wp-image-1707\" src=\"http:\/\/www.bpwyszkow.pl\/wp-content\/uploads\/2015\/11\/image003.jpg\" alt=\"\" width=\"230\" height=\"55\" srcset=\"https:\/\/bpprzasnysz.pl\/wp-content\/uploads\/sites\/56\/2015\/11\/image003.jpg 230w, https:\/\/bpprzasnysz.pl\/wp-content\/uploads\/sites\/56\/2015\/11\/image003-24x6.jpg 24w, https:\/\/bpprzasnysz.pl\/wp-content\/uploads\/sites\/56\/2015\/11\/image003-36x9.jpg 36w, https:\/\/bpprzasnysz.pl\/wp-content\/uploads\/sites\/56\/2015\/11\/image003-48x11.jpg 48w\" sizes=\"auto, (max-width: 230px) 100vw, 230px\" \/><\/td>\n<td>Cz. Misiorska<\/td>\n<\/tr>\n<tr>\n<td><a href=\"http:\/\/www.ngos.pl\/\" target=\"_blank\" rel=\"noopener noreferrer\">&nbsp;Instytut Inicjatyw Pozarz\u0105dowych<\/a><\/td>\n<td><img loading=\"lazy\" decoding=\"async\" class=\"alignleft size-full wp-image-1708\" src=\"http:\/\/www.bpwyszkow.pl\/wp-content\/uploads\/2015\/11\/image004.jpg\" alt=\"\" width=\"230\" height=\"165\" srcset=\"https:\/\/bpprzasnysz.pl\/wp-content\/uploads\/sites\/56\/2015\/11\/image004.jpg 230w, https:\/\/bpprzasnysz.pl\/wp-content\/uploads\/sites\/56\/2015\/11\/image004-24x17.jpg 24w, https:\/\/bpprzasnysz.pl\/wp-content\/uploads\/sites\/56\/2015\/11\/image004-36x26.jpg 36w, https:\/\/bpprzasnysz.pl\/wp-content\/uploads\/sites\/56\/2015\/11\/image004-48x34.jpg 48w\" sizes=\"auto, (max-width: 230px) 100vw, 230px\" \/><\/td>\n<td>El\u017cbieta \u017bebrowska<\/td>\n<\/tr>\n<tr>\n<td><a href=\"http:\/\/otf.ostroleka.pl\/\" target=\"_blank\" rel=\"noopener noreferrer\">Ostro\u0142\u0119ckie Towarzystwo Fotograficzne<\/a><\/td>\n<td><img loading=\"lazy\" decoding=\"async\" class=\"alignleft size-full wp-image-1709\" src=\"http:\/\/www.bpwyszkow.pl\/wp-content\/uploads\/2015\/11\/image005.png\" alt=\"\" width=\"230\" height=\"51\" srcset=\"https:\/\/bpprzasnysz.pl\/wp-content\/uploads\/sites\/56\/2015\/11\/image005.png 230w, https:\/\/bpprzasnysz.pl\/wp-content\/uploads\/sites\/56\/2015\/11\/image005-24x5.png 24w, https:\/\/bpprzasnysz.pl\/wp-content\/uploads\/sites\/56\/2015\/11\/image005-36x8.png 36w, https:\/\/bpprzasnysz.pl\/wp-content\/uploads\/sites\/56\/2015\/11\/image005-48x11.png 48w\" sizes=\"auto, (max-width: 230px) 100vw, 230px\" \/><\/td>\n<td>C. Pa\u0142ubi\u0144ski<\/td>\n<\/tr>\n<tr>\n<td><a href=\"http:\/\/asperger.org.pl\/\" target=\"_blank\" rel=\"noopener noreferrer\">Polskie Towarzystwo Zespo\u0142u Aspergera<\/a><\/td>\n<td><img loading=\"lazy\" decoding=\"async\" class=\"alignleft size-full wp-image-1710\" src=\"http:\/\/www.bpwyszkow.pl\/wp-content\/uploads\/2015\/11\/image006.jpg\" alt=\"\" width=\"230\" height=\"111\" srcset=\"https:\/\/bpprzasnysz.pl\/wp-content\/uploads\/sites\/56\/2015\/11\/image006.jpg 230w, https:\/\/bpprzasnysz.pl\/wp-content\/uploads\/sites\/56\/2015\/11\/image006-24x12.jpg 24w, https:\/\/bpprzasnysz.pl\/wp-content\/uploads\/sites\/56\/2015\/11\/image006-36x17.jpg 36w, https:\/\/bpprzasnysz.pl\/wp-content\/uploads\/sites\/56\/2015\/11\/image006-48x23.jpg 48w\" sizes=\"auto, (max-width: 230px) 100vw, 230px\" \/><\/td>\n<td>Iwona Mickiewicz<\/td>\n<\/tr>\n<tr>\n<td><a href=\"http:\/\/roefs.pl\/\" target=\"_blank\" rel=\"noopener noreferrer\">Krajowy O\u015brodek EFS<\/a><\/td>\n<td><img loading=\"lazy\" decoding=\"async\" class=\"alignleft size-full wp-image-1711\" src=\"http:\/\/www.bpwyszkow.pl\/wp-content\/uploads\/2015\/11\/image007.jpg\" alt=\"\" width=\"230\" height=\"82\" srcset=\"https:\/\/bpprzasnysz.pl\/wp-content\/uploads\/sites\/56\/2015\/11\/image007.jpg 230w, https:\/\/bpprzasnysz.pl\/wp-content\/uploads\/sites\/56\/2015\/11\/image007-24x9.jpg 24w, https:\/\/bpprzasnysz.pl\/wp-content\/uploads\/sites\/56\/2015\/11\/image007-36x13.jpg 36w, https:\/\/bpprzasnysz.pl\/wp-content\/uploads\/sites\/56\/2015\/11\/image007-48x17.jpg 48w\" sizes=\"auto, (max-width: 230px) 100vw, 230px\" \/><\/td>\n<td>A. Szab\u0142owska<\/td>\n<\/tr>\n<tr>\n<td><a href=\"http:\/\/www.wydawnictwoup.pl\/\" target=\"_blank\" rel=\"noopener noreferrer\">Wydawnictwo Naukowe Uniwersytetu Pedagogicznego<\/a><\/td>\n<td><img loading=\"lazy\" decoding=\"async\" class=\"alignleft size-full wp-image-1712\" src=\"http:\/\/www.bpwyszkow.pl\/wp-content\/uploads\/2015\/11\/image008.jpg\" alt=\"\" width=\"230\" height=\"84\" srcset=\"https:\/\/bpprzasnysz.pl\/wp-content\/uploads\/sites\/56\/2015\/11\/image008.jpg 230w, https:\/\/bpprzasnysz.pl\/wp-content\/uploads\/sites\/56\/2015\/11\/image008-24x9.jpg 24w, https:\/\/bpprzasnysz.pl\/wp-content\/uploads\/sites\/56\/2015\/11\/image008-36x13.jpg 36w, https:\/\/bpprzasnysz.pl\/wp-content\/uploads\/sites\/56\/2015\/11\/image008-48x18.jpg 48w\" sizes=\"auto, (max-width: 230px) 100vw, 230px\" \/><\/td>\n<td>K. Laskowski<\/td>\n<\/tr>\n<tr>\n<td><a href=\"http:\/\/www.uwb.edu.pl\/\" target=\"_blank\" rel=\"noopener noreferrer\">Uniwersytet w Bia\u0142ymstoku<\/a><\/td>\n<td><img loading=\"lazy\" decoding=\"async\" class=\"alignleft size-full wp-image-1713\" src=\"http:\/\/www.bpwyszkow.pl\/wp-content\/uploads\/2015\/11\/image009.png\" alt=\"\" width=\"230\" height=\"61\" srcset=\"https:\/\/bpprzasnysz.pl\/wp-content\/uploads\/sites\/56\/2015\/11\/image009.png 230w, https:\/\/bpprzasnysz.pl\/wp-content\/uploads\/sites\/56\/2015\/11\/image009-24x6.png 24w, https:\/\/bpprzasnysz.pl\/wp-content\/uploads\/sites\/56\/2015\/11\/image009-36x10.png 36w, https:\/\/bpprzasnysz.pl\/wp-content\/uploads\/sites\/56\/2015\/11\/image009-48x13.png 48w\" sizes=\"auto, (max-width: 230px) 100vw, 230px\" \/><\/td>\n<td>Agnieszka Ha\u0142aburda<\/td>\n<\/tr>\n<tr>\n<td><a href=\"http:\/\/www.wyd-literatura.com.pl\/\" target=\"_blank\" rel=\"noopener noreferrer\">Wydawnictwo Literatura<\/a><\/td>\n<td><img loading=\"lazy\" decoding=\"async\" class=\"alignleft size-full wp-image-1714\" src=\"http:\/\/www.bpwyszkow.pl\/wp-content\/uploads\/2015\/11\/image010.png\" alt=\"\" width=\"230\" height=\"40\" srcset=\"https:\/\/bpprzasnysz.pl\/wp-content\/uploads\/sites\/56\/2015\/11\/image010.png 230w, https:\/\/bpprzasnysz.pl\/wp-content\/uploads\/sites\/56\/2015\/11\/image010-24x4.png 24w, https:\/\/bpprzasnysz.pl\/wp-content\/uploads\/sites\/56\/2015\/11\/image010-36x6.png 36w, https:\/\/bpprzasnysz.pl\/wp-content\/uploads\/sites\/56\/2015\/11\/image010-48x8.png 48w\" sizes=\"auto, (max-width: 230px) 100vw, 230px\" \/><\/td>\n<td>Iwona Chyli\u0144ska<\/td>\n<\/tr>\n<tr>\n<td><a href=\"https:\/\/www.facebook.com\/pages\/Wydawnictwo-Difin\/449889835071855\" target=\"_blank\" rel=\"noopener noreferrer\">Wydawnictwo Difin<\/a><\/td>\n<td><img loading=\"lazy\" decoding=\"async\" class=\"alignleft size-full wp-image-1715\" src=\"http:\/\/www.bpwyszkow.pl\/wp-content\/uploads\/2015\/11\/image011.jpg\" alt=\"\" width=\"160\" height=\"160\" srcset=\"https:\/\/bpprzasnysz.pl\/wp-content\/uploads\/sites\/56\/2015\/11\/image011.jpg 160w, https:\/\/bpprzasnysz.pl\/wp-content\/uploads\/sites\/56\/2015\/11\/image011-150x150.jpg 150w, https:\/\/bpprzasnysz.pl\/wp-content\/uploads\/sites\/56\/2015\/11\/image011-75x75.jpg 75w, https:\/\/bpprzasnysz.pl\/wp-content\/uploads\/sites\/56\/2015\/11\/image011-24x24.jpg 24w, https:\/\/bpprzasnysz.pl\/wp-content\/uploads\/sites\/56\/2015\/11\/image011-36x36.jpg 36w, https:\/\/bpprzasnysz.pl\/wp-content\/uploads\/sites\/56\/2015\/11\/image011-48x48.jpg 48w\" sizes=\"auto, (max-width: 160px) 100vw, 160px\" \/><\/td>\n<td>Marcin Tomczak<\/td>\n<\/tr>\n<tr>\n<td><a href=\"https:\/\/mediarodzina.pl\/\" target=\"_blank\" rel=\"noopener noreferrer\">Media Rodzina<\/a><\/td>\n<td><\/td>\n<td>M. Na\u0142\u0119cz &#8211; Wi\u015bniewska<\/td>\n<\/tr>\n<tr>\n<td><a href=\"http:\/\/www.zakamarki.pl\/\" target=\"_blank\" rel=\"noopener noreferrer\">Wydawnictwo Zakamarki<\/a><\/td>\n<td><\/td>\n<td>O. Cebertowicz<\/td>\n<\/tr>\n<tr>\n<td><a href=\"http:\/\/www.michalici.pl\/\" target=\"_blank\" rel=\"noopener noreferrer\">Zgromadzenie Si\u00f3str \u015bw. Micha\u0142a Archanio\u0142a<\/a><\/td>\n<td><\/td>\n<td>S. M. Ciszewska<\/td>\n<\/tr>\n<tr>\n<td><a href=\"http:\/\/www.mbpostroleka.pl\/\" target=\"_blank\" rel=\"noopener noreferrer\">Miejska Biblioteka Publiczna im. Wiktora Gomulickiego w Ostro\u0142\u0119ce <\/a><\/td>\n<td><\/td>\n<td>E. Waszczyk<\/td>\n<\/tr>\n<tr>\n<td><a href=\"http:\/\/www.lo1.ostroleka.pl\/news.php\" target=\"_blank\" rel=\"noopener noreferrer\">I Liceum Og\u00f3lnokszta\u0142c\u0105ce w Ostro\u0142\u0119ce im. Genera\u0142a J\u00f3zefa Bema.<\/a><\/td>\n<td><\/td>\n<td>J. \u015amiarowska<\/td>\n<\/tr>\n<tr>\n<td><a href=\"http:\/\/www.tdeker.pl\/\" target=\"_blank\" rel=\"noopener noreferrer\">T. Deker Patissier &amp; Chocolatier s.c. <\/a><\/td>\n<td><\/td>\n<td>A. \u0141. Abramczyk<\/td>\n<\/tr>\n<tr>\n<td>Fundacja T.Z. Knobel<\/td>\n<td><\/td>\n<td>Micha\u0142 Szafra\u0144ski<\/td>\n<\/tr>\n<tr>\n<td><a href=\"http:\/\/tuptuptup.org.pl\/\" target=\"_blank\" rel=\"noopener noreferrer\">Fundacja CultureLab<\/a><\/td>\n<td><\/td>\n<td>Bo\u017cena Ko\u015bka<\/td>\n<\/tr>\n<tr>\n<td><a href=\"http:\/\/brpd.gov.pl\/\" target=\"_blank\" rel=\"noopener noreferrer\">Rzecznik Praw Dziecka<\/a><\/td>\n<td><\/td>\n<td>S. A. Smoli\u0144ska<\/td>\n<\/tr>\n<\/tbody>\n<\/table>\n","protected":false},"excerpt":{"rendered":"<p>Instytucje Osoby prywatne O\u015brodek Rozwoju Edukacji Jerzy Kijowski Ostro\u0142\u0119ckie Towarzystwo Naukowe im. Adama Ch\u0119tnika Wies\u0142aw Janusz Mikulski Zwi\u0105zek Kurpi\u00f3w Karol [&hellip;]<\/p>\n","protected":false},"author":214,"featured_media":0,"parent":0,"menu_order":0,"comment_status":"closed","ping_status":"closed","template":"","meta":{"_acf_changed":false,"_oasis_is_in_workflow":0,"_oasis_original":0,"inline_featured_image":false,"site-sidebar-layout":"default","site-content-layout":"","ast-site-content-layout":"default","site-content-style":"default","site-sidebar-style":"default","ast-global-header-display":"","ast-banner-title-visibility":"","ast-main-header-display":"","ast-hfb-above-header-display":"","ast-hfb-below-header-display":"","ast-hfb-mobile-header-display":"","site-post-title":"","ast-breadcrumbs-content":"","ast-featured-img":"","footer-sml-layout":"","ast-disable-related-posts":"","theme-transparent-header-meta":"","adv-header-id-meta":"","stick-header-meta":"","header-above-stick-meta":"","header-main-stick-meta":"","header-below-stick-meta":"","astra-migrate-meta-layouts":"default","ast-page-background-enabled":"default","ast-page-background-meta":{"desktop":{"background-color":"","background-image":"","background-repeat":"repeat","background-position":"center center","background-size":"auto","background-attachment":"scroll","background-type":"","background-media":"","overlay-type":"","overlay-color":"","overlay-opacity":"","overlay-gradient":""},"tablet":{"background-color":"","background-image":"","background-repeat":"repeat","background-position":"center center","background-size":"auto","background-attachment":"scroll","background-type":"","background-media":"","overlay-type":"","overlay-color":"","overlay-opacity":"","overlay-gradient":""},"mobile":{"background-color":"","background-image":"","background-repeat":"repeat","background-position":"center center","background-size":"auto","background-attachment":"scroll","background-type":"","background-media":"","overlay-type":"","overlay-color":"","overlay-opacity":"","overlay-gradient":""}},"ast-content-background-meta":{"desktop":{"background-color":"var(--ast-global-color-5)","background-image":"","background-repeat":"repeat","background-position":"center center","background-size":"auto","background-attachment":"scroll","background-type":"","background-media":"","overlay-type":"","overlay-color":"","overlay-opacity":"","overlay-gradient":""},"tablet":{"background-color":"var(--ast-global-color-5)","background-image":"","background-repeat":"repeat","background-position":"center center","background-size":"auto","background-attachment":"scroll","background-type":"","background-media":"","overlay-type":"","overlay-color":"","overlay-opacity":"","overlay-gradient":""},"mobile":{"background-color":"var(--ast-global-color-5)","background-image":"","background-repeat":"repeat","background-position":"center center","background-size":"auto","background-attachment":"scroll","background-type":"","background-media":"","overlay-type":"","overlay-color":"","overlay-opacity":"","overlay-gradient":""}},"_themeisle_gutenberg_block_has_review":false,"footnotes":""},"class_list":["post-21202","page","type-page","status-publish","hentry"],"acf":[],"featured_image_urls_v2":{"full":"","thumbnail":"","medium":"","medium_large":"","large":"","1536x1536":"","2048x2048":"","menu-24x24":"","menu-36x36":"","menu-48x48":""},"post_excerpt_stackable_v2":"<p>Instytucje Osoby prywatne O\u015brodek Rozwoju Edukacji Jerzy Kijowski Ostro\u0142\u0119ckie Towarzystwo Naukowe im. Adama Ch\u0119tnika Wies\u0142aw Janusz Mikulski Zwi\u0105zek Kurpi\u00f3w Karol Samsel Towarzystwo Przyjaci\u00f3\u0142 Ostro\u0142\u0119ki Stanis\u0142aw Ka\u0142ucki Centrum Edukacji Obywatelskiej Daniela Laskowska Ministerstwo Edukacji Narodowej Andrzej Gumkowski Wydawnictwo Zielona Sowa Stanis\u0142aw Pajka Instytut Pami\u0119ci Narodowej Tomasz Bednarski Wy\u017csza Szko\u0142a Pedagogiczna w Warszawie Ewa Szymczyk Wydawnictwo Uniwersytetu Jagiello\u0144skiego El\u017cbieta \u017bebrowska Fundacja Orlen \u2013 Dar Serca Renata Kreczman-Madej Instytut Pracy i Spraw Socjalnych Mateusz Tomasik Fundacja Afryka Inaczej Teresa Chojnowska Pa\u0144stwowa Wy\u017csza Szko\u0142a Zawodowa w Kaliszu Czes\u0142awa Lewandowska Instytut Meteorologii i Gospodarki Wodnej Eugeniusz Na\u0142\u0119cz Infor Ekspert Sylwia Jaworska Wydawnictwo W drodze A.&hellip;<\/p>\n","category_list_v2":"","author_info_v2":{"name":"","url":"https:\/\/bpprzasnysz.pl\/en\/author\/"},"comments_num_v2":"0 comments","_links":{"self":[{"href":"https:\/\/bpprzasnysz.pl\/en\/wp-json\/wp\/v2\/pages\/21202","targetHints":{"allow":["GET"]}}],"collection":[{"href":"https:\/\/bpprzasnysz.pl\/en\/wp-json\/wp\/v2\/pages"}],"about":[{"href":"https:\/\/bpprzasnysz.pl\/en\/wp-json\/wp\/v2\/types\/page"}],"author":[{"embeddable":true,"href":"https:\/\/bpprzasnysz.pl\/en\/wp-json\/wp\/v2\/users\/214"}],"replies":[{"embeddable":true,"href":"https:\/\/bpprzasnysz.pl\/en\/wp-json\/wp\/v2\/comments?post=21202"}],"version-history":[{"count":1,"href":"https:\/\/bpprzasnysz.pl\/en\/wp-json\/wp\/v2\/pages\/21202\/revisions"}],"predecessor-version":[{"id":21590,"href":"https:\/\/bpprzasnysz.pl\/en\/wp-json\/wp\/v2\/pages\/21202\/revisions\/21590"}],"wp:attachment":[{"href":"https:\/\/bpprzasnysz.pl\/en\/wp-json\/wp\/v2\/media?parent=21202"}],"curies":[{"name":"wp","href":"https:\/\/api.w.org\/{rel}","templated":true}]}}